{"id":3604,"date":"2025-05-18T21:17:33","date_gmt":"2025-05-18T19:17:33","guid":{"rendered":"https:\/\/www.resortlucky.sk\/o-nas\/"},"modified":"2025-08-05T22:13:49","modified_gmt":"2025-08-05T20:13:49","slug":"o-nas","status":"publish","type":"page","link":"https:\/\/www.resortlucky.sk\/pl\/o-nas\/","title":{"rendered":"O nas"},"content":{"rendered":"\t\t<div data-elementor-type=\"wp-page\" data-elementor-id=\"3604\" class=\"elementor elementor-3604 elementor-2747\" data-elementor-settings=\"{&quot;ha_cmc_init_switcher&quot;:&quot;no&quot;}\" data-elementor-post-type=\"page\">\n\t\t\t\t<div class=\"elementor-element elementor-element-5f9cafe e-flex e-con-boxed e-con e-parent\" data-id=\"5f9cafe\" data-element_type=\"container\" data-e-type=\"container\" data-settings=\"{&quot;background_background&quot;:&quot;classic&quot;,&quot;_ha_eqh_enable&quot;:false}\">\n\t\t\t\t\t<div class=\"e-con-inner\">\n\t\t<div class=\"elementor-element elementor-element-7b4c5f2 e-con-full e-flex e-con e-child\" data-id=\"7b4c5f2\" data-element_type=\"container\" data-e-type=\"container\" data-settings=\"{&quot;_ha_eqh_enable&quot;:false}\">\n\t\t\t\t<div class=\"elementor-element elementor-element-2dce4db elementor-widget__width-initial elementor-widget-mobile__width-inherit elementor-widget elementor-widget-heading\" data-id=\"2dce4db\" data-element_type=\"widget\" data-e-type=\"widget\" data-widget_type=\"heading.default\">\n\t\t\t\t<div class=\"elementor-widget-container\">\n\t\t\t\t\t<h2 class=\"elementor-heading-title elementor-size-default\">Gdzie s\u0142owacka tradycja spotyka si\u0119 z alpejsk\u0105 elegancj\u0105<\/h2>\t\t\t\t<\/div>\n\t\t\t\t<\/div>\n\t\t\t\t<div class=\"elementor-element elementor-element-ad9b921 elementor-widget__width-initial elementor-widget-mobile__width-inherit elementor-widget elementor-widget-text-editor\" data-id=\"ad9b921\" data-element_type=\"widget\" data-e-type=\"widget\" data-widget_type=\"text-editor.default\">\n\t\t\t\t<div class=\"elementor-widget-container\">\n\t\t\t\t\t\t\t\t\t<p>W o\u015brodku Lucky zapraszamy do odkrycia czego\u015b wi\u0119cej ni\u017c tylko g\u00f3rskiego wypoczynku.<br>Po\u0142o\u017cony w zapieraj\u0105cym dech w piersiach krajobrazie Jasnej, nasz o\u015brodek jest idealnym po\u0142\u0105czeniem s\u0142owackiej tradycji kulturowej i wyrafinowanego g\u00f3rskiego luksusu &#8211; zaprojektowanym tak, aby podnie\u015b\u0107 na wy\u017cszy poziom ka\u017cd\u0105 chwil\u0119 sp\u0119dzon\u0105 w Tatrach Niskich.  <\/p>\t\t\t\t\t\t\t\t<\/div>\n\t\t\t\t<\/div>\n\t\t\t\t<\/div>\n\t\t\t\t\t<\/div>\n\t\t\t\t<\/div>\n\t\t<div class=\"elementor-element elementor-element-70c4788 e-flex e-con-boxed e-con e-parent\" data-id=\"70c4788\" data-element_type=\"container\" data-e-type=\"container\" data-settings=\"{&quot;_ha_eqh_enable&quot;:false}\">\n\t\t\t\t\t<div class=\"e-con-inner\">\n\t\t<div class=\"elementor-element elementor-element-5b8118b e-con-full e-flex e-con e-child\" data-id=\"5b8118b\" data-element_type=\"container\" data-e-type=\"container\" data-settings=\"{&quot;_ha_eqh_enable&quot;:false}\">\n\t\t\t\t<div class=\"elementor-element elementor-element-325ecc3 elementor-widget elementor-widget-image\" data-id=\"325ecc3\" data-element_type=\"widget\" data-e-type=\"widget\" data-widget_type=\"image.default\">\n\t\t\t\t<div class=\"elementor-widget-container\">\n\t\t\t\t\t\t\t\t\t\t\t\t\t\t\t<img fetchpriority=\"high\" decoding=\"async\" width=\"800\" height=\"1000\" src=\"https:\/\/www.resortlucky.sk\/wp-content\/uploads\/2025\/05\/G-1-1-819x1024.png\" class=\"attachment-large size-large wp-image-3818\" alt=\"\" srcset=\"https:\/\/www.resortlucky.sk\/wp-content\/uploads\/2025\/05\/G-1-1-819x1024.png 819w, https:\/\/www.resortlucky.sk\/wp-content\/uploads\/2025\/05\/G-1-1-240x300.png 240w, https:\/\/www.resortlucky.sk\/wp-content\/uploads\/2025\/05\/G-1-1-768x960.png 768w, https:\/\/www.resortlucky.sk\/wp-content\/uploads\/2025\/05\/G-1-1.png 1080w\" sizes=\"(max-width: 800px) 100vw, 800px\" \/>\t\t\t\t\t\t\t\t\t\t\t\t\t\t\t<\/div>\n\t\t\t\t<\/div>\n\t\t\t\t<\/div>\n\t\t<div class=\"elementor-element elementor-element-c745fe5 e-con-full e-flex e-con e-child\" data-id=\"c745fe5\" data-element_type=\"container\" data-e-type=\"container\" data-settings=\"{&quot;_ha_eqh_enable&quot;:false}\">\n\t\t\t\t<div class=\"elementor-element elementor-element-6a8d936 elementor-widget elementor-widget-heading\" data-id=\"6a8d936\" data-element_type=\"widget\" data-e-type=\"widget\" data-widget_type=\"heading.default\">\n\t\t\t\t<div class=\"elementor-widget-container\">\n\t\t\t\t\t<h2 class=\"elementor-heading-title elementor-size-default\">Kr\u00f3tka historia<\/h2>\t\t\t\t<\/div>\n\t\t\t\t<\/div>\n\t\t\t\t<div class=\"elementor-element elementor-element-0c56282 elementor-widget elementor-widget-heading\" data-id=\"0c56282\" data-element_type=\"widget\" data-e-type=\"widget\" data-widget_type=\"heading.default\">\n\t\t\t\t<div class=\"elementor-widget-container\">\n\t\t\t\t\t<h2 class=\"elementor-heading-title elementor-size-default\">Sanktuarium zrodzone z pasji i miejsca<\/h2>\t\t\t\t<\/div>\n\t\t\t\t<\/div>\n\t\t\t\t<div class=\"elementor-element elementor-element-258255d elementor-widget elementor-widget-text-editor\" data-id=\"258255d\" data-element_type=\"widget\" data-e-type=\"widget\" data-widget_type=\"text-editor.default\">\n\t\t\t\t<div class=\"elementor-widget-container\">\n\t\t\t\t\t\t\t\t\t<p>Resort Lucky narodzi\u0142 si\u0119 z prostego, ale pot\u0119\u017cnego pomys\u0142u: stworzenia przestrzeni, w kt\u00f3rej go\u015bcie mogliby g\u0142\u0119boko po\u0142\u0105czy\u0107 si\u0119 z g\u00f3rsk\u0105 dusz\u0105 S\u0142owacji, ciesz\u0105c si\u0119 \u015bwiatowej klasy go\u015bcinno\u015bci\u0105.<br>Zainspirowani surowym pi\u0119knem Jasnej i bogactwem lokalnych tradycji, zbudowali\u015bmy o\u015brodek, kt\u00f3ry opowiada histori\u0119 w ka\u017cdym kamieniu, drewnianej belce i starannie dobranym detalu. Dzi\u015b Resort Lucky to miejsce dla tych, kt\u00f3rzy szukaj\u0105 autentyczno\u015bci, komfortu i emocji na stoku &#8211; a wszystko to w jednym niezapomnianym do\u015bwiadczeniu.   <\/p>\t\t\t\t\t\t\t\t<\/div>\n\t\t\t\t<\/div>\n\t\t\t\t<\/div>\n\t\t\t\t\t<\/div>\n\t\t\t\t<\/div>\n\t\t<div class=\"elementor-element elementor-element-0eb6d71 e-flex e-con-boxed e-con e-parent\" data-id=\"0eb6d71\" data-element_type=\"container\" data-e-type=\"container\" data-settings=\"{&quot;background_background&quot;:&quot;classic&quot;,&quot;_ha_eqh_enable&quot;:false}\">\n\t\t\t\t\t<div class=\"e-con-inner\">\n\t\t<div class=\"elementor-element elementor-element-9cfda26 e-con-full e-flex e-con e-child\" data-id=\"9cfda26\" data-element_type=\"container\" data-e-type=\"container\" data-settings=\"{&quot;_ha_eqh_enable&quot;:false}\">\n\t\t\t\t<div class=\"elementor-element elementor-element-54df9d6 elementor-widget elementor-widget-heading\" data-id=\"54df9d6\" data-element_type=\"widget\" data-e-type=\"widget\" data-widget_type=\"heading.default\">\n\t\t\t\t<div class=\"elementor-widget-container\">\n\t\t\t\t\t<h2 class=\"elementor-heading-title elementor-size-default\">Wizja<\/h2>\t\t\t\t<\/div>\n\t\t\t\t<\/div>\n\t\t\t\t<div class=\"elementor-element elementor-element-b7c4a4f elementor-widget elementor-widget-heading\" data-id=\"b7c4a4f\" data-element_type=\"widget\" data-e-type=\"widget\" data-widget_type=\"heading.default\">\n\t\t\t\t<div class=\"elementor-widget-container\">\n\t\t\t\t\t<h2 class=\"elementor-heading-title elementor-size-default\">Tworzenie wi\u0119zi poprzez kultur\u0119 i komfort<\/h2>\t\t\t\t<\/div>\n\t\t\t\t<\/div>\n\t\t\t\t<div class=\"elementor-element elementor-element-b99820b elementor-widget elementor-widget-text-editor\" data-id=\"b99820b\" data-element_type=\"widget\" data-e-type=\"widget\" data-widget_type=\"text-editor.default\">\n\t\t\t\t<div class=\"elementor-widget-container\">\n\t\t\t\t\t\t\t\t\t<p>Wierzymy, \u017ce luksus to nie tylko elegancja &#8211; to poczucie przynale\u017cno\u015bci. Nasz\u0105 wizj\u0105 jest sta\u0107 si\u0119 wiod\u0105cym alpejskim o\u015brodkiem w Europie \u015arodkowej, znanym nie tylko z malowniczego pi\u0119kna, ale tak\u017ce z tworzenia wci\u0105gaj\u0105cych, kulturowo zakotwiczonych pobyt\u00f3w.<br>Naszym celem jest przedefiniowanie g\u00f3rskiej go\u015bcinno\u015bci poprzez oferowanie ciep\u0142ej s\u0142owackiej autentyczno\u015bci wraz z wyj\u0105tkowymi do\u015bwiadczeniami, kt\u00f3re od\u017cywiaj\u0105 ducha, zmys\u0142y i dusz\u0119.   <\/p>\t\t\t\t\t\t\t\t<\/div>\n\t\t\t\t<\/div>\n\t\t\t\t<\/div>\n\t\t<div class=\"elementor-element elementor-element-d6ad741 e-con-full e-flex e-con e-child\" data-id=\"d6ad741\" data-element_type=\"container\" data-e-type=\"container\" data-settings=\"{&quot;_ha_eqh_enable&quot;:false}\">\n\t\t\t\t<div class=\"elementor-element elementor-element-7b48014 elementor-widget elementor-widget-image\" data-id=\"7b48014\" data-element_type=\"widget\" data-e-type=\"widget\" data-widget_type=\"image.default\">\n\t\t\t\t<div class=\"elementor-widget-container\">\n\t\t\t\t\t\t\t\t\t\t\t\t\t\t\t<img decoding=\"async\" width=\"768\" height=\"1024\" src=\"https:\/\/www.resortlucky.sk\/wp-content\/uploads\/2025\/06\/home-page-cover-768x1024.jpg\" class=\"attachment-large size-large wp-image-3184\" alt=\"\" srcset=\"https:\/\/www.resortlucky.sk\/wp-content\/uploads\/2025\/06\/home-page-cover-768x1024.jpg 768w, https:\/\/www.resortlucky.sk\/wp-content\/uploads\/2025\/06\/home-page-cover-225x300.jpg 225w, https:\/\/www.resortlucky.sk\/wp-content\/uploads\/2025\/06\/home-page-cover-1152x1536.jpg 1152w, https:\/\/www.resortlucky.sk\/wp-content\/uploads\/2025\/06\/home-page-cover.jpg 1536w\" sizes=\"(max-width: 768px) 100vw, 768px\" \/>\t\t\t\t\t\t\t\t\t\t\t\t\t\t\t<\/div>\n\t\t\t\t<\/div>\n\t\t\t\t<\/div>\n\t\t\t\t\t<\/div>\n\t\t\t\t<\/div>\n\t\t<div class=\"elementor-element elementor-element-29827f7 e-flex e-con-boxed e-con e-parent\" data-id=\"29827f7\" data-element_type=\"container\" data-e-type=\"container\" data-settings=\"{&quot;_ha_eqh_enable&quot;:false}\">\n\t\t\t\t\t<div class=\"e-con-inner\">\n\t\t<div class=\"elementor-element elementor-element-02223eb e-con-full e-flex e-con e-child\" data-id=\"02223eb\" data-element_type=\"container\" data-e-type=\"container\" data-settings=\"{&quot;_ha_eqh_enable&quot;:false}\">\n\t\t\t\t<div class=\"elementor-element elementor-element-d6276a5 elementor-widget elementor-widget-image\" data-id=\"d6276a5\" data-element_type=\"widget\" data-e-type=\"widget\" data-widget_type=\"image.default\">\n\t\t\t\t<div class=\"elementor-widget-container\">\n\t\t\t\t\t\t\t\t\t\t\t\t\t\t\t<img decoding=\"async\" width=\"800\" height=\"600\" src=\"https:\/\/www.resortlucky.sk\/wp-content\/uploads\/2025\/05\/Copy-of-Chopok-Sever-1-1024x768.png\" class=\"attachment-large size-large wp-image-3790\" alt=\"\" srcset=\"https:\/\/www.resortlucky.sk\/wp-content\/uploads\/2025\/05\/Copy-of-Chopok-Sever-1-1024x768.png 1024w, https:\/\/www.resortlucky.sk\/wp-content\/uploads\/2025\/05\/Copy-of-Chopok-Sever-1-300x225.png 300w, https:\/\/www.resortlucky.sk\/wp-content\/uploads\/2025\/05\/Copy-of-Chopok-Sever-1-768x576.png 768w, https:\/\/www.resortlucky.sk\/wp-content\/uploads\/2025\/05\/Copy-of-Chopok-Sever-1-1536x1152.png 1536w, https:\/\/www.resortlucky.sk\/wp-content\/uploads\/2025\/05\/Copy-of-Chopok-Sever-1-2048x1536.png 2048w\" sizes=\"(max-width: 800px) 100vw, 800px\" \/>\t\t\t\t\t\t\t\t\t\t\t\t\t\t\t<\/div>\n\t\t\t\t<\/div>\n\t\t\t\t<\/div>\n\t\t<div class=\"elementor-element elementor-element-744c474 e-con-full e-flex e-con e-child\" data-id=\"744c474\" data-element_type=\"container\" data-e-type=\"container\" data-settings=\"{&quot;_ha_eqh_enable&quot;:false}\">\n\t\t\t\t<div class=\"elementor-element elementor-element-805e304 elementor-widget elementor-widget-heading\" data-id=\"805e304\" data-element_type=\"widget\" data-e-type=\"widget\" data-widget_type=\"heading.default\">\n\t\t\t\t<div class=\"elementor-widget-container\">\n\t\t\t\t\t<h2 class=\"elementor-heading-title elementor-size-default\">Historia<\/h2>\t\t\t\t<\/div>\n\t\t\t\t<\/div>\n\t\t\t\t<div class=\"elementor-element elementor-element-2cbff5b elementor-widget elementor-widget-heading\" data-id=\"2cbff5b\" data-element_type=\"widget\" data-e-type=\"widget\" data-widget_type=\"heading.default\">\n\t\t\t\t<div class=\"elementor-widget-container\">\n\t\t\t\t\t<h2 class=\"elementor-heading-title elementor-size-default\">Zakotwiczony w tradycji, zbudowany z my\u015bl\u0105 o przysz\u0142o\u015bci<\/h2>\t\t\t\t<\/div>\n\t\t\t\t<\/div>\n\t\t\t\t<div class=\"elementor-element elementor-element-9dbafa6 elementor-widget elementor-widget-text-editor\" data-id=\"9dbafa6\" data-element_type=\"widget\" data-e-type=\"widget\" data-widget_type=\"text-editor.default\">\n\t\t\t\t<div class=\"elementor-widget-container\">\n\t\t\t\t\t\t\t\t\t<p>Historia Resort Lucky zaczyna si\u0119 od samej ziemi &#8211; przesi\u0105kni\u0119tej folklorem, kszta\u0142towanej przez pory roku i czczonej przez pokolenia. To, co kiedy\u015b by\u0142o cichym skrawkiem ziemi w wysokich g\u00f3rach Jasnej, sta\u0142o si\u0119 fundamentem o\u015brodka w sercu.<br>Kieruj\u0105c si\u0119 lokalnym rzemios\u0142em i zaanga\u017cowaniem w zr\u00f3wnowa\u017cony rozw\u00f3j, ewoluowali\u015bmy od g\u00f3rskiego odosobnienia do miejsca, kt\u00f3re szanuje swoje korzenie, jednocze\u015bnie obejmuj\u0105c przysz\u0142o\u015b\u0107 alpejskiego luksusu. Ka\u017cdy rozdzia\u0142 naszej podr\u00f3\u017cy odzwierciedla nasz\u0105 mi\u0142o\u015b\u0107 do tych g\u00f3r i ludzi, kt\u00f3rzy przyje\u017cd\u017caj\u0105 je odkrywa\u0107.    <\/p>\t\t\t\t\t\t\t\t<\/div>\n\t\t\t\t<\/div>\n\t\t\t\t<\/div>\n\t\t\t\t\t<\/div>\n\t\t\t\t<\/div>\n\t\t\t\t<\/div>\n\t\t","protected":false},"excerpt":{"rendered":"<p>Gdzie s\u0142owacka tradycja spotyka si\u0119 z alpejsk\u0105 elegancj\u0105 W o\u015brodku Lucky zapraszamy do odkrycia czego\u015b wi\u0119cej ni\u017c tylko g\u00f3rskiego wypoczynku.Po\u0142o\u017cony w zapieraj\u0105cym dech w piersiach krajobrazie Jasnej, nasz o\u015brodek jest idealnym po\u0142\u0105czeniem s\u0142owackiej tradycji kulturowej i wyrafinowanego g\u00f3rskiego luksusu &#8211; zaprojektowanym tak, aby podnie\u015b\u0107 na wy\u017cszy poziom ka\u017cd\u0105 chwil\u0119 sp\u0119dzon\u0105 w Tatrach Niskich. Kr\u00f3tka historia [&hellip;]<\/p>\n","protected":false},"author":4,"featured_media":0,"parent":0,"menu_order":0,"comment_status":"closed","ping_status":"closed","template":"elementor_header_footer","meta":{"_acf_changed":false,"footnotes":""},"class_list":["post-3604","page","type-page","status-publish","hentry"],"acf":[],"_links":{"self":[{"href":"https:\/\/www.resortlucky.sk\/pl\/wp-json\/wp\/v2\/pages\/3604","targetHints":{"allow":["GET"]}}],"collection":[{"href":"https:\/\/www.resortlucky.sk\/pl\/wp-json\/wp\/v2\/pages"}],"about":[{"href":"https:\/\/www.resortlucky.sk\/pl\/wp-json\/wp\/v2\/types\/page"}],"author":[{"embeddable":true,"href":"https:\/\/www.resortlucky.sk\/pl\/wp-json\/wp\/v2\/users\/4"}],"replies":[{"embeddable":true,"href":"https:\/\/www.resortlucky.sk\/pl\/wp-json\/wp\/v2\/comments?post=3604"}],"version-history":[{"count":1,"href":"https:\/\/www.resortlucky.sk\/pl\/wp-json\/wp\/v2\/pages\/3604\/revisions"}],"predecessor-version":[{"id":3608,"href":"https:\/\/www.resortlucky.sk\/pl\/wp-json\/wp\/v2\/pages\/3604\/revisions\/3608"}],"wp:attachment":[{"href":"https:\/\/www.resortlucky.sk\/pl\/wp-json\/wp\/v2\/media?parent=3604"}],"curies":[{"name":"wp","href":"https:\/\/api.w.org\/{rel}","templated":true}]}}